{"id":1065,"date":"2013-12-31T23:28:39","date_gmt":"2013-12-31T22:28:39","guid":{"rendered":"http:\/\/hopenmeteo.no\/?page_id=1065"},"modified":"2024-02-08T09:19:55","modified_gmt":"2024-02-08T08:19:55","slug":"blafjell","status":"publish","type":"page","link":"https:\/\/hopenmeteo.no\/?page_id=1065","title":{"rendered":"Bl\u00e5fjell"},"content":{"rendered":"\n<p><script> function style_func_get_args181() { return \"none\" } function end181_() { document.getElementById('icc181').style.display = style_func_get_args181() } <\/script><br \/> Hvem ante at dette fjellet skulle bli popul\u00e6rt og b\u00e6re navnet til en meget kjent adventsserie p\u00e5 norsk TV? Om forfatterne og ideskaperne av serien har hentet sin inspirasjon herifra vites ikke, men fjellet er vakkert  Den fikk sitt navn etter motorkutteren &#8216;Blaafjell&#8217; i 1926. Selve toppen ligger midt opp\u00e5 det lengste fjellpartiet p\u00e5 \u00f8ya (omtrent like stort som Johan Hiortfjellet og Kollerfjellet til sammen) og rager 268 meter over havet <\/p>\n\n\n\n<p>.<\/p>\n\n\n<div class=\"wp-block-image size-full wp-image-1066\">\n<figure class=\"alignleft\"><img loading=\"lazy\" decoding=\"async\" width=\"800\" height=\"450\" src=\"https:\/\/hopenmeteo.no\/wp-content\/uploads\/2013\/12\/Bl\u00e5fjell-sett-fra-sj\u00f8en-utenfor-Bj\u00f8rnebo.jpg\" alt=\"Bl\u00e5fjell sett fra sj\u00f8en utenfor Bj\u00f8rnebo\" class=\"wp-image-1066\" srcset=\"https:\/\/hopenmeteo.no\/wp-content\/uploads\/2013\/12\/Bl\u00e5fjell-sett-fra-sj\u00f8en-utenfor-Bj\u00f8rnebo.jpg 800w, https:\/\/hopenmeteo.no\/wp-content\/uploads\/2013\/12\/Bl\u00e5fjell-sett-fra-sj\u00f8en-utenfor-Bj\u00f8rnebo-300x168.jpg 300w, https:\/\/hopenmeteo.no\/wp-content\/uploads\/2013\/12\/Bl\u00e5fjell-sett-fra-sj\u00f8en-utenfor-Bj\u00f8rnebo-500x281.jpg 500w\" sizes=\"auto, (max-width: 800px) 100vw, 800px\" \/><figcaption class=\"wp-element-caption\">Bl\u00e5fjell sett fra sj\u00f8en utenfor Bj\u00f8rnebo<\/figcaption><\/figure>\n<\/div>\n\n<div class=\"wp-block-image size-full wp-image-1067\">\n<figure class=\"alignleft\"><img loading=\"lazy\" decoding=\"async\" width=\"800\" height=\"450\" src=\"https:\/\/hopenmeteo.no\/wp-content\/uploads\/2013\/12\/Bl\u00e5fjell-sett-fra-stranda-p\u00e5-Bj\u00f8rnebo.jpg\" alt=\"Bl\u00e5fjell sett fra stranda p\u00e5 Bj\u00f8rnebo\" class=\"wp-image-1067\" srcset=\"https:\/\/hopenmeteo.no\/wp-content\/uploads\/2013\/12\/Bl\u00e5fjell-sett-fra-stranda-p\u00e5-Bj\u00f8rnebo.jpg 800w, https:\/\/hopenmeteo.no\/wp-content\/uploads\/2013\/12\/Bl\u00e5fjell-sett-fra-stranda-p\u00e5-Bj\u00f8rnebo-300x168.jpg 300w, https:\/\/hopenmeteo.no\/wp-content\/uploads\/2013\/12\/Bl\u00e5fjell-sett-fra-stranda-p\u00e5-Bj\u00f8rnebo-500x281.jpg 500w\" sizes=\"auto, (max-width: 800px) 100vw, 800px\" \/><figcaption class=\"wp-element-caption\">Bl\u00e5fjell sett fra stranda p\u00e5 Bj\u00f8rnebo<\/figcaption><\/figure>\n<\/div>\n\n<div class=\"wp-block-image size-full wp-image-1068\">\n<figure class=\"alignleft\"><img loading=\"lazy\" decoding=\"async\" width=\"800\" height=\"450\" src=\"https:\/\/hopenmeteo.no\/wp-content\/uploads\/2013\/12\/Bl\u00e5fjell-sett-fra-stranda-under-Sm\u00e5humpen.jpg\" alt=\"Bl\u00e5fjell sett fra stranda under Sm\u00e5humpen (\u00f8stsiden).\" class=\"wp-image-1068\" srcset=\"https:\/\/hopenmeteo.no\/wp-content\/uploads\/2013\/12\/Bl\u00e5fjell-sett-fra-stranda-under-Sm\u00e5humpen.jpg 800w, https:\/\/hopenmeteo.no\/wp-content\/uploads\/2013\/12\/Bl\u00e5fjell-sett-fra-stranda-under-Sm\u00e5humpen-300x168.jpg 300w, https:\/\/hopenmeteo.no\/wp-content\/uploads\/2013\/12\/Bl\u00e5fjell-sett-fra-stranda-under-Sm\u00e5humpen-500x281.jpg 500w\" sizes=\"auto, (max-width: 800px) 100vw, 800px\" \/><figcaption class=\"wp-element-caption\">Bl\u00e5fjell sett fra stranda under Sm\u00e5humpen (\u00f8stsiden).<\/figcaption><\/figure>\n<\/div>\n\n<div class=\"wp-block-image size-full wp-image-1069\">\n<figure class=\"alignleft\"><img loading=\"lazy\" decoding=\"async\" width=\"800\" height=\"450\" src=\"https:\/\/hopenmeteo.no\/wp-content\/uploads\/2013\/12\/Bl\u00e5fjell-sett-fra-toppen-av-Sm\u00e5humpen.jpg\" alt=\"Bl\u00e5fjell sett fra toppen av Sm\u00e5humpen\" class=\"wp-image-1069\" srcset=\"https:\/\/hopenmeteo.no\/wp-content\/uploads\/2013\/12\/Bl\u00e5fjell-sett-fra-toppen-av-Sm\u00e5humpen.jpg 800w, https:\/\/hopenmeteo.no\/wp-content\/uploads\/2013\/12\/Bl\u00e5fjell-sett-fra-toppen-av-Sm\u00e5humpen-300x168.jpg 300w, https:\/\/hopenmeteo.no\/wp-content\/uploads\/2013\/12\/Bl\u00e5fjell-sett-fra-toppen-av-Sm\u00e5humpen-500x281.jpg 500w\" sizes=\"auto, (max-width: 800px) 100vw, 800px\" \/><figcaption class=\"wp-element-caption\">Bl\u00e5fjell sett fra toppen av Sm\u00e5humpen<\/figcaption><\/figure>\n<\/div>\n\n<div class=\"wp-block-image size-full wp-image-1070\">\n<figure class=\"alignleft\"><img loading=\"lazy\" decoding=\"async\" width=\"800\" height=\"450\" src=\"https:\/\/hopenmeteo.no\/wp-content\/uploads\/2013\/12\/S\u00f8rdelen-av-Bl\u00e5fjell-sett-fra-Casa-Blanca.jpg\" alt=\"Bl\u00e5fjell sett fra nordenden av Sm\u00e5humpen\/Thorkilsenskaret\" class=\"wp-image-1070\" srcset=\"https:\/\/hopenmeteo.no\/wp-content\/uploads\/2013\/12\/S\u00f8rdelen-av-Bl\u00e5fjell-sett-fra-Casa-Blanca.jpg 800w, https:\/\/hopenmeteo.no\/wp-content\/uploads\/2013\/12\/S\u00f8rdelen-av-Bl\u00e5fjell-sett-fra-Casa-Blanca-300x168.jpg 300w, https:\/\/hopenmeteo.no\/wp-content\/uploads\/2013\/12\/S\u00f8rdelen-av-Bl\u00e5fjell-sett-fra-Casa-Blanca-500x281.jpg 500w\" sizes=\"auto, (max-width: 800px) 100vw, 800px\" \/><figcaption class=\"wp-element-caption\">Bl\u00e5fjell sett fra nordenden av Sm\u00e5humpen\/Thorkilsenskaret<\/figcaption><\/figure>\n<\/div>\n\n<div class=\"wp-block-image size-full wp-image-1071\">\n<figure class=\"alignleft\"><img loading=\"lazy\" decoding=\"async\" width=\"800\" height=\"450\" src=\"https:\/\/hopenmeteo.no\/wp-content\/uploads\/2013\/12\/S\u00f8rvestveggen-av-Bl\u00e5fjell.jpg\" alt=\"S\u00f8rvestveggen av den s\u00f8rlige delen av Bl\u00e5fjellplat\u00e5et.\" class=\"wp-image-1071\" srcset=\"https:\/\/hopenmeteo.no\/wp-content\/uploads\/2013\/12\/S\u00f8rvestveggen-av-Bl\u00e5fjell.jpg 800w, https:\/\/hopenmeteo.no\/wp-content\/uploads\/2013\/12\/S\u00f8rvestveggen-av-Bl\u00e5fjell-300x168.jpg 300w, https:\/\/hopenmeteo.no\/wp-content\/uploads\/2013\/12\/S\u00f8rvestveggen-av-Bl\u00e5fjell-500x281.jpg 500w\" sizes=\"auto, (max-width: 800px) 100vw, 800px\" \/><figcaption class=\"wp-element-caption\">S\u00f8rvestveggen av den s\u00f8rlige delen av Bl\u00e5fjellplat\u00e5et.<\/figcaption><\/figure>\n<\/div>\n\n<div class=\"wp-block-image size-full wp-image-1072\">\n<figure class=\"alignleft\"><img loading=\"lazy\" decoding=\"async\" width=\"800\" height=\"600\" src=\"https:\/\/hopenmeteo.no\/wp-content\/uploads\/2013\/12\/Bl\u00e5fjell-sett-fra-lufta-vestfra-med-Sea-King-330-skv..jpg\" alt=\"Bl\u00e5fjell sett fra lufta med 330 skv\/Sea King vestfra.\" class=\"wp-image-1072\" srcset=\"https:\/\/hopenmeteo.no\/wp-content\/uploads\/2013\/12\/Bl\u00e5fjell-sett-fra-lufta-vestfra-med-Sea-King-330-skv..jpg 800w, https:\/\/hopenmeteo.no\/wp-content\/uploads\/2013\/12\/Bl\u00e5fjell-sett-fra-lufta-vestfra-med-Sea-King-330-skv.-300x225.jpg 300w, https:\/\/hopenmeteo.no\/wp-content\/uploads\/2013\/12\/Bl\u00e5fjell-sett-fra-lufta-vestfra-med-Sea-King-330-skv.-400x300.jpg 400w\" sizes=\"auto, (max-width: 800px) 100vw, 800px\" \/><figcaption class=\"wp-element-caption\">Bl\u00e5fjellplat\u00e5et sett fra lufta med 330 skv\/Sea King vestfra.<\/figcaption><\/figure>\n<\/div>","protected":false},"excerpt":{"rendered":"<p>Hvem ante at dette fjellet skulle bli popul\u00e6rt og b\u00e6re navnet til en meget kjent adventsserie p\u00e5 norsk TV? Om forfatterne og ideskaperne av serien har hentet sin inspirasjon herifra vites ikke, men fjellet er vakkert Den fikk sitt navn etter motorkutteren &#8216;Blaafjell&#8217; i 1926. Selve toppen ligger midt opp\u00e5 det lengste fjellpartiet p\u00e5 \u00f8ya (omtrent like stort som Johan Hiortfjellet og Kollerfjellet til sammen) og rager 268 meter over havet .<\/p>\n","protected":false},"author":2,"featured_media":0,"parent":0,"menu_order":0,"comment_status":"open","ping_status":"open","template":"","meta":{"footnotes":""},"class_list":["post-1065","page","type-page","status-publish","hentry"],"_links":{"self":[{"href":"https:\/\/hopenmeteo.no\/index.php?rest_route=\/wp\/v2\/pages\/1065","targetHints":{"allow":["GET"]}}],"collection":[{"href":"https:\/\/hopenmeteo.no\/index.php?rest_route=\/wp\/v2\/pages"}],"about":[{"href":"https:\/\/hopenmeteo.no\/index.php?rest_route=\/wp\/v2\/types\/page"}],"author":[{"embeddable":true,"href":"https:\/\/hopenmeteo.no\/index.php?rest_route=\/wp\/v2\/users\/2"}],"replies":[{"embeddable":true,"href":"https:\/\/hopenmeteo.no\/index.php?rest_route=%2Fwp%2Fv2%2Fcomments&post=1065"}],"version-history":[{"count":3,"href":"https:\/\/hopenmeteo.no\/index.php?rest_route=\/wp\/v2\/pages\/1065\/revisions"}],"predecessor-version":[{"id":7983,"href":"https:\/\/hopenmeteo.no\/index.php?rest_route=\/wp\/v2\/pages\/1065\/revisions\/7983"}],"wp:attachment":[{"href":"https:\/\/hopenmeteo.no\/index.php?rest_route=%2Fwp%2Fv2%2Fmedia&parent=1065"}],"curies":[{"name":"wp","href":"https:\/\/api.w.org\/{rel}","templated":true}]}}